{"id":1008,"date":"2026-02-26T22:55:04","date_gmt":"2026-02-26T21:55:04","guid":{"rendered":"https:\/\/www.lerheunouveaucitoyen.org\/?page_id=1008"},"modified":"2026-02-26T22:55:04","modified_gmt":"2026-02-26T21:55:04","slug":"lesprit-gaston-bardet","status":"publish","type":"page","link":"https:\/\/www.lerheunouveaucitoyen.org\/index.php\/lesprit-gaston-bardet\/","title":{"rendered":"L&rsquo;esprit Gaston Bardet"},"content":{"rendered":"\n<figure class=\"wp-block-embed is-type-video is-provider-youtube wp-block-embed-youtube wp-embed-aspect-9-16 wp-has-aspect-ratio\"><div class=\"wp-block-embed__wrapper\">\n<iframe loading=\"lazy\" title=\"L&#039;Esprit Gaston Bardet au Rheu - Alain L&#039;Hostis et Jeannine Bidenne\" width=\"563\" height=\"1000\" src=\"https:\/\/www.youtube.com\/embed\/lzih3p7oQoU?feature=oembed\" frameborder=\"0\" allow=\"accelerometer; autoplay; clipboard-write; encrypted-media; gyroscope; picture-in-picture; web-share\" referrerpolicy=\"strict-origin-when-cross-origin\" allowfullscreen><\/iframe>\n<\/div><\/figure>\n\n\n\n<p><img loading=\"lazy\" decoding=\"async\" height=\"16\" width=\"16\" alt=\"\ud83c\udf33\" src=\"https:\/\/static.xx.fbcdn.net\/images\/emoji.php\/v9\/ta\/2\/16\/1f333.png\"> Rendons \u00e0 notre ville son \u00e2me de \u00ab\u00a0Cit\u00e9-Jardin\u00a0\u00bb !<\/p>\n\n\n\n<p>Saviez-vous que l\u2019identit\u00e9 de notre commune est intimement li\u00e9e \u00e0 l&rsquo;\u0153uvre de l\u2019urbaniste Gaston Bardet ? <img loading=\"lazy\" decoding=\"async\" height=\"16\" width=\"16\" alt=\"\ud83c\udfd7\ufe0f\" src=\"https:\/\/static.xx.fbcdn.net\/images\/emoji.php\/v9\/t7d\/2\/16\/1f3d7.png\"><img loading=\"lazy\" decoding=\"async\" height=\"16\" width=\"16\" alt=\"\ud83c\udf43\" src=\"https:\/\/static.xx.fbcdn.net\/images\/emoji.php\/v9\/ta9\/2\/16\/1f343.png\"><\/p>\n\n\n\n<p>Gaston Bardet n\u2019imaginait pas seulement des logements ; il concevait un art de vivre. Son h\u00e9ritage, c&rsquo;est celui de la Cit\u00e9-Jardin : un \u00e9quilibre parfait entre l&rsquo;habitat et la nature, o\u00f9 l&rsquo;humain reste la priorit\u00e9.<\/p>\n\n\n\n<p><img loading=\"lazy\" decoding=\"async\" height=\"16\" width=\"16\" alt=\"\ud83d\udcc9\" src=\"https:\/\/static.xx.fbcdn.net\/images\/emoji.php\/v9\/t21\/2\/16\/1f4c9.png\"> Le constat : Une densification qui nous \u00e9loigne de l&rsquo;essentiel : la convivialit\u00e9<\/p>\n\n\n\n<p>Ces derni\u00e8res ann\u00e9es, nous avons malheureusement vu l\u2019esprit de nos quartiers s&rsquo;\u00e9tioler. Les nouvelles constructions se sont encha\u00een\u00e9es, privil\u00e9giant trop souvent une densification excessive au d\u00e9triment de la qualit\u00e9 de vie. R\u00e9sultat ? Moins de respiration, moins de verdure, et un lien social qui s&rsquo;essouffle.<\/p>\n\n\n\n<p><img loading=\"lazy\" decoding=\"async\" height=\"16\" width=\"16\" alt=\"\ud83d\udca1\" src=\"https:\/\/static.xx.fbcdn.net\/images\/emoji.php\/v9\/tdb\/2\/16\/1f4a1.png\"> Notre ambition : Retrouver \u00ab\u00a0l&rsquo;esprit Gaston Bardet\u00a0\u00bb<\/p>\n\n\n\n<p>Nous voulons rompre avec ce b\u00e9tonnage sans \u00e2me pour revenir aux fondamentaux qui font la force de notre ville :<\/p>\n\n\n\n<p>Le retour des \u00ab\u00a0petits chemins\u00a0\u00bb : Favoriser les mobilit\u00e9s douces et les sentiers pi\u00e9tons qui serpentent entre les habitations.<\/p>\n\n\n\n<p>Des lieux de rencontre arbor\u00e9s : Cr\u00e9er de vraies places de village au c\u0153ur de chaque quartier, l\u00e0 o\u00f9 on prend le temps de discuter \u00e0 l&rsquo;ombre des arbres.<\/p>\n\n\n\n<p>Une urbanisation raisonn\u00e9e : Arr\u00eater de construire pour construire, et recommencer \u00e0 b\u00e2tir pour vivre ensemble.<\/p>\n\n\n\n<p>La ville de demain ne doit pas \u00eatre une addition de blocs de b\u00e9ton, mais un jardin partag\u00e9 o\u00f9 chaque habitant trouve sa place. <img loading=\"lazy\" decoding=\"async\" height=\"16\" width=\"16\" alt=\"\ud83c\udf38\" src=\"https:\/\/static.xx.fbcdn.net\/images\/emoji.php\/v9\/t8f\/2\/16\/1f338.png\"><\/p>\n\n\n\n<p>Et vous, quel est votre endroit pr\u00e9f\u00e9r\u00e9 dans la commune qui incarne encore cet esprit \u00ab\u00a0Cit\u00e9-Jardin\u00a0\u00bb ?<\/p>\n","protected":false},"excerpt":{"rendered":"<p>Rendons \u00e0 notre ville son \u00e2me de \u00ab\u00a0Cit\u00e9-Jardin\u00a0\u00bb ! Saviez-vous que l\u2019identit\u00e9 de notre commune est intimement li\u00e9e \u00e0 l&rsquo;\u0153uvre de l\u2019urbaniste Gaston Bardet ? Gaston Bardet n\u2019imaginait pas seulement des logements ; il concevait un art de vivre. Son h\u00e9ritage, c&rsquo;est celui de la Cit\u00e9-Jardin : un \u00e9quilibre parfait entre l&rsquo;habitat et la nature, [&hellip;]<\/p>\n","protected":false},"author":1,"featured_media":0,"parent":0,"menu_order":0,"comment_status":"closed","ping_status":"closed","template":"","meta":{"footnotes":""},"class_list":["post-1008","page","type-page","status-publish","hentry"],"_links":{"self":[{"href":"https:\/\/www.lerheunouveaucitoyen.org\/index.php\/wp-json\/wp\/v2\/pages\/1008","targetHints":{"allow":["GET"]}}],"collection":[{"href":"https:\/\/www.lerheunouveaucitoyen.org\/index.php\/wp-json\/wp\/v2\/pages"}],"about":[{"href":"https:\/\/www.lerheunouveaucitoyen.org\/index.php\/wp-json\/wp\/v2\/types\/page"}],"author":[{"embeddable":true,"href":"https:\/\/www.lerheunouveaucitoyen.org\/index.php\/wp-json\/wp\/v2\/users\/1"}],"replies":[{"embeddable":true,"href":"https:\/\/www.lerheunouveaucitoyen.org\/index.php\/wp-json\/wp\/v2\/comments?post=1008"}],"version-history":[{"count":1,"href":"https:\/\/www.lerheunouveaucitoyen.org\/index.php\/wp-json\/wp\/v2\/pages\/1008\/revisions"}],"predecessor-version":[{"id":1009,"href":"https:\/\/www.lerheunouveaucitoyen.org\/index.php\/wp-json\/wp\/v2\/pages\/1008\/revisions\/1009"}],"wp:attachment":[{"href":"https:\/\/www.lerheunouveaucitoyen.org\/index.php\/wp-json\/wp\/v2\/media?parent=1008"}],"curies":[{"name":"wp","href":"https:\/\/api.w.org\/{rel}","templated":true}]}}